{"id":16,"date":"2016-12-04T20:38:29","date_gmt":"2016-12-04T19:38:29","guid":{"rendered":"http:\/\/comitevas-y.org\/?page_id=16"},"modified":"2023-03-30T16:45:36","modified_gmt":"2023-03-30T15:45:36","slug":"marchand-de-lunette","status":"publish","type":"page","link":"https:\/\/comitevas-y.org\/?page_id=16","title":{"rendered":"Marchand de lunettes"},"content":{"rendered":"<h4 style=\"text-align: center;\"><span style=\"color: #3366ff;\"><img loading=\"lazy\" class=\"size-full wp-image-912 aligncenter\" src=\"https:\/\/i0.wp.com\/comitevas-y.org\/wp-content\/uploads\/2023\/03\/LUNETTES.jpg?resize=474%2C296&#038;ssl=1\" alt=\"\" width=\"474\" height=\"296\" srcset=\"https:\/\/i0.wp.com\/comitevas-y.org\/wp-content\/uploads\/2023\/03\/LUNETTES.jpg?w=474&amp;ssl=1 474w, https:\/\/i0.wp.com\/comitevas-y.org\/wp-content\/uploads\/2023\/03\/LUNETTES.jpg?resize=300%2C187&amp;ssl=1 300w\" sizes=\"(max-width: 474px) 100vw, 474px\" data-recalc-dims=\"1\" \/><img loading=\"lazy\" class=\"alignnone size-full wp-image-909\" src=\"https:\/\/i0.wp.com\/comitevas-y.org\/wp-content\/uploads\/2023\/03\/marchand-lunette.jpg?resize=750%2C753&#038;ssl=1\" alt=\"\" width=\"750\" height=\"753\" srcset=\"https:\/\/i0.wp.com\/comitevas-y.org\/wp-content\/uploads\/2023\/03\/marchand-lunette.jpg?w=2550&amp;ssl=1 2550w, https:\/\/i0.wp.com\/comitevas-y.org\/wp-content\/uploads\/2023\/03\/marchand-lunette.jpg?resize=300%2C300&amp;ssl=1 300w, https:\/\/i0.wp.com\/comitevas-y.org\/wp-content\/uploads\/2023\/03\/marchand-lunette.jpg?resize=1020%2C1024&amp;ssl=1 1020w, https:\/\/i0.wp.com\/comitevas-y.org\/wp-content\/uploads\/2023\/03\/marchand-lunette.jpg?resize=150%2C150&amp;ssl=1 150w, https:\/\/i0.wp.com\/comitevas-y.org\/wp-content\/uploads\/2023\/03\/marchand-lunette.jpg?resize=768%2C771&amp;ssl=1 768w, https:\/\/i0.wp.com\/comitevas-y.org\/wp-content\/uploads\/2023\/03\/marchand-lunette.jpg?resize=1531%2C1536&amp;ssl=1 1531w, https:\/\/i0.wp.com\/comitevas-y.org\/wp-content\/uploads\/2023\/03\/marchand-lunette.jpg?resize=2041%2C2048&amp;ssl=1 2041w, https:\/\/i0.wp.com\/comitevas-y.org\/wp-content\/uploads\/2023\/03\/marchand-lunette.jpg?resize=270%2C270&amp;ssl=1 270w, https:\/\/i0.wp.com\/comitevas-y.org\/wp-content\/uploads\/2023\/03\/marchand-lunette.jpg?resize=230%2C230&amp;ssl=1 230w, https:\/\/i0.wp.com\/comitevas-y.org\/wp-content\/uploads\/2023\/03\/marchand-lunette.jpg?w=2250&amp;ssl=1 2250w\" sizes=\"(max-width: 750px) 100vw, 750px\" data-recalc-dims=\"1\" \/>Vous \u00eates \u00e9tudiant, travailleur, ch\u00f4meur,\u00a0 b\u00e9n\u00e9ficiaire de l&#8217;aide sociale<\/span><\/h4>\n<h1 style=\"text-align: center;\"><span style=\"color: #3366ff;\"> <strong>ou<\/strong> <\/span><\/h1>\n<h4 style=\"text-align: center;\"><span style=\"color: #3366ff;\">vous en avez simplement assez de payer trop cher pour vos lunettes?<\/span><\/h4>\n<p><strong><span style=\"color: #0000ff;\">LE MARCHAND DE LUNETTES<\/span> est pr\u00e9sent dans nos locaux le <span style=\"color: #0000ff;\"><em>4 i\u00e8me lundi<\/em><\/span> de chaque mois <\/strong><\/p>\n<p><strong>(sauf cong\u00e9s f\u00e9ri\u00e9s).<\/strong><\/p>\n<p style=\"text-align: left;\"><span style=\"color: #000000;\"><strong>Le marchand de lunettes,\u00a0Simon Dufour, opticien d&#8217;ordonnance\u00a0s&#8217;est joint au Comit\u00e9 Vas-Y <\/strong><\/span><\/p>\n<p style=\"text-align: left;\"><span style=\"color: #000000;\"><strong>de Saint-Raymond pour vous offrir:<\/strong><\/span><\/p>\n<ul style=\"text-align: left;\">\n<li style=\"text-align: left;\"><span style=\"color: #000000;\">U<strong>n service personnalis\u00e9<\/strong><\/span><\/li>\n<li style=\"text-align: left;\"><strong><span style=\"color: #000000;\">Une belle s\u00e9lection de monture (pr\u00e8s de 400) de qualit\u00e9 pour petits et grands<\/span><\/strong><\/li>\n<li style=\"text-align: left;\"><strong><span style=\"color: #000000;\">Tous les types de lentilles ophtalmiques<\/span><\/strong><\/li>\n<li style=\"text-align: left;\"><strong><span style=\"color: #000000;\">Une garantie sur vos<\/span><span style=\"color: #000000;\"> lune<\/span><span style=\"color: #000000;\">ttes<\/span><span style=\"color: #000000;\"> (1 an verres et monture)<\/span><\/strong><\/li>\n<li><span style=\"color: #000000;\"><strong>Garantie de 3 mois pour vous adapter \u00e0 vos nouveaux verres<\/strong><\/span><\/li>\n<\/ul>\n<h2 style=\"text-align: center;\">Lunettes \u00e0 partir de <span style=\"color: #ff0000;\">20$<\/span><\/h2>\n<h2 style=\"text-align: center;\">pour les personnes recevant de l&#8217;aide sociale<\/h2>\n<p style=\"text-align: left;\"><strong><span style=\"color: #000000;\">Pour le\u00a0rencontrer:<\/span><\/strong><\/p>\n<ul style=\"text-align: left;\">\n<li style=\"text-align: left;\"><strong><span style=\"color: #000000;\">\u00a0Il faut prendre rendez-vous en appelant directement <span style=\"color: #0000ff;\">581 983-3883<\/span><\/span><\/strong><\/li>\n<li style=\"text-align: left;\"><strong><span style=\"color: #000000;\">Vous devez<span style=\"color: #0000ff;\"><em> apporter votre prescription<\/em><\/span> de votre examen visuel, peu importe votre choix d&#8217;optom\u00e9triste.<\/span><\/strong><\/li>\n<\/ul>\n<p style=\"text-align: left;\"><strong><span style=\"color: #000000;\">Ensuite:<\/span><\/strong><\/p>\n<ul style=\"text-align: left;\">\n<li><strong><span style=\"color: #000000;\">Au passage suivant du Marchand, vos lunettes sont pr\u00eates!<\/span><\/strong><\/li>\n<li><strong><span style=\"color: #000000;\">L&#8217;opticien\u00a0s&#8217;assurera de votre qualit\u00e9 visuelle et que vos\u00a0lunettes soient ajust\u00e9es convenablement<\/span><\/strong><\/li>\n<\/ul>\n<p style=\"text-align: center;\"><strong><span style=\"color: #000000;\">&#8220;Rendre les lunettes accessibles \u00e0 tous, voil\u00e0 pourquoi j&#8217;ai cr\u00e9e le marchand de lunettes. Je m\u2019engage \u00e0 remettre une part des profits \u00e0 la communaut\u00e9. 10$ par lunettes vendues retournent \u00e0 un organisme communautaire.\u00a0Choisir une paire de lunettes au Marchand, vous donnez aussi, \u00e0 votre tour.&#8221;\u00a0Simon Dufour,\u00a0Marchand de Lunettes, \u00a0opticien d&#8217;ordonnance depuis 2005.<\/span><\/strong><\/p>\n","protected":false},"excerpt":{"rendered":"<p>Vous \u00eates \u00e9tudiant, travailleur, ch\u00f4meur,  b\u00e9n\u00e9ficiaire de l&#8217;aide sociale ou vous en avez simplement assez de payer trop cher pour vos lunettes?<br \/>\nLe marchand est l\u00e0 pour vous.<\/p>\n","protected":false},"author":2,"featured_media":24,"parent":0,"menu_order":0,"comment_status":"closed","ping_status":"closed","template":"","meta":{"spay_email":""},"jetpack_sharing_enabled":true,"jetpack_shortlink":"https:\/\/wp.me\/P8etWi-g","_links":{"self":[{"href":"https:\/\/comitevas-y.org\/index.php?rest_route=\/wp\/v2\/pages\/16"}],"collection":[{"href":"https:\/\/comitevas-y.org\/index.php?rest_route=\/wp\/v2\/pages"}],"about":[{"href":"https:\/\/comitevas-y.org\/index.php?rest_route=\/wp\/v2\/types\/page"}],"author":[{"embeddable":true,"href":"https:\/\/comitevas-y.org\/index.php?rest_route=\/wp\/v2\/users\/2"}],"replies":[{"embeddable":true,"href":"https:\/\/comitevas-y.org\/index.php?rest_route=%2Fwp%2Fv2%2Fcomments&post=16"}],"version-history":[{"count":50,"href":"https:\/\/comitevas-y.org\/index.php?rest_route=\/wp\/v2\/pages\/16\/revisions"}],"predecessor-version":[{"id":88,"href":"https:\/\/comitevas-y.org\/index.php?rest_route=\/wp\/v2\/pages\/16\/revisions\/88"}],"wp:featuredmedia":[{"embeddable":true,"href":"https:\/\/comitevas-y.org\/index.php?rest_route=\/wp\/v2\/media\/24"}],"wp:attachment":[{"href":"https:\/\/comitevas-y.org\/index.php?rest_route=%2Fwp%2Fv2%2Fmedia&parent=16"}],"curies":[{"name":"wp","href":"https:\/\/api.w.org\/{rel}","templated":true}]}}