{"id":32,"date":"2016-12-05T02:17:26","date_gmt":"2016-12-05T01:17:26","guid":{"rendered":"http:\/\/comitevas-y.org\/?page_id=32"},"modified":"2026-02-04T14:18:51","modified_gmt":"2026-02-04T13:18:51","slug":"preparation-de-rapport-dimpot","status":"publish","type":"page","link":"https:\/\/comitevas-y.org\/?page_id=32","title":{"rendered":"Rapports d\u2019imp\u00f4t"},"content":{"rendered":"<h3><span style=\"color: #3366ff;\">SERVICE DE PR\u00c9PARATION DE RAPPORTS D\u2019IMP\u00d4T<\/span><\/h3>\n<p><strong>Les b\u00e9n\u00e9voles sp\u00e9cialis\u00e9s en imp\u00f4t du Comit\u00e9 VAS-Y <\/strong><\/p>\n<p><strong>peuvent compl\u00e9ter vos d\u00e9clarations gratuitement du 26 f\u00e9vrier 2026\u00a0 jusqu\u2019au 28 avril 2026.<\/strong><\/p>\n<h2><span style=\"color: #ff0000;\"><strong>Vous devez prendre rendez-vous<\/strong><\/span><\/h2>\n<p>en appelant directement au <strong>418\u00a0337-4454 choix # 1<\/strong><\/p>\n<ul>\n<li><strong>Du lundi au vendredi de 9h \u00e0 12h et de 13h \u00e0 16h.<\/strong><\/li>\n<\/ul>\n<p><strong><img loading=\"lazy\" class=\"wp-image-860 alignright\" src=\"https:\/\/i1.wp.com\/comitevas-y.org\/wp-content\/uploads\/2023\/02\/EXT\u00c9RIEUR_VAS_Y-scaled.jpg?resize=492%2C656&#038;ssl=1\" alt=\"Nos locaux au 163 rue St-Ignace\" width=\"492\" height=\"656\" srcset=\"https:\/\/i1.wp.com\/comitevas-y.org\/wp-content\/uploads\/2023\/02\/EXT\u00c9RIEUR_VAS_Y-scaled.jpg?w=1920&amp;ssl=1 1920w, https:\/\/i1.wp.com\/comitevas-y.org\/wp-content\/uploads\/2023\/02\/EXT\u00c9RIEUR_VAS_Y-scaled.jpg?resize=225%2C300&amp;ssl=1 225w, https:\/\/i1.wp.com\/comitevas-y.org\/wp-content\/uploads\/2023\/02\/EXT\u00c9RIEUR_VAS_Y-scaled.jpg?resize=768%2C1024&amp;ssl=1 768w, https:\/\/i1.wp.com\/comitevas-y.org\/wp-content\/uploads\/2023\/02\/EXT\u00c9RIEUR_VAS_Y-scaled.jpg?resize=1152%2C1536&amp;ssl=1 1152w, https:\/\/i1.wp.com\/comitevas-y.org\/wp-content\/uploads\/2023\/02\/EXT\u00c9RIEUR_VAS_Y-scaled.jpg?resize=1536%2C2048&amp;ssl=1 1536w\" sizes=\"(max-width: 492px) 100vw, 492px\" data-recalc-dims=\"1\" \/><\/strong><\/p>\n<p><b><br \/>\n<\/b><strong>\u00a0<\/strong><\/p>\n<p><strong>Vous pourrez rencontrer un b\u00e9n\u00e9vole, du mardi au jeudi, dans nos locaux<\/strong><\/p>\n<ul>\n<li><strong>\u00a0Au 163, rue Saint-Ignace, Saint-Raymond.<\/strong><\/li>\n<li><strong>Nouveaut\u00e9\u00a0<\/strong>: les mardis en fin d\u2019apr\u00e8s-midi de 16h \u00e0 19h, un b\u00e9n\u00e9vole vous attend.<\/li>\n<\/ul>\n<p>&nbsp;<\/p>\n<h3><strong>Ayez en main:<\/strong><\/h3>\n<ul>\n<li><strong><span style=\"color: #000000;\">Vos relev\u00e9s de revenus ou prestation;<\/span><\/strong><\/li>\n<li><strong><span style=\"color: #000000;\">Relev\u00e9 31, pour les locataires;<\/span><\/strong><\/li>\n<li><strong><span style=\"color: #000000;\">No de matricule, pour les propri\u00e9taires;<\/span><\/strong><\/li>\n<li><strong><span style=\"color: #000000;\">Avis de cotisation 2024, re\u00e7us au printemps 2025;<\/span><\/strong><\/li>\n<li><strong><span style=\"color: #000000;\">Pour les personnes de 70 ans et plus, re\u00e7us de travaux de d\u00e9neigement, de tonte de pelouse, d&#8217;entretien m\u00e9nager, livraison de repas;<\/span><\/strong><\/li>\n<li><strong><span style=\"color: #000000;\">Vous \u00eates en r\u00e9sidence, apport\u00e9 l\u2019annexe de votre bail qui d\u00e9crit les services pay\u00e9s;<\/span><\/strong><\/li>\n<li><span style=\"color: #000000;\"><strong>Re\u00e7us de soins de sant\u00e9 ou de m\u00e9dicaments (faire la demande \u00e0 votre pharmacien).<\/strong><\/span><\/li>\n<\/ul>\n<h3><strong>Les crit\u00e8res d&#8217;admissibilit\u00e9 si vous vos revenus maximaux sont:<\/strong><\/h3>\n<ul>\n<li><strong><span style=\"color: #000000;\">Une personne seule: 40 000$<\/span><\/strong><\/li>\n<li><strong><span style=\"color: #000000;\">Un couple ou un adulte avec un enfant \u00e0 charge: 55 000$<\/span><\/strong><\/li>\n<li><strong><span style=\"color: #000000;\">Chaque personne \u00e0 charge suppl\u00e9mentaire: 5 000$<\/span><\/strong><\/li>\n<li><strong><span style=\"color: #000000;\">Les revenus d&#8217;int\u00e9r\u00eats ne doivent pas d\u00e9passer 1200$ dans tous les cas.<\/span><\/strong><\/li>\n<\/ul>\n<p><strong>Cette ann\u00e9e, 7 b\u00e9n\u00e9voles pr\u00e9pareront vos rapports d&#8217;imp\u00f4t.<\/strong><\/p>\n<h3><strong>Le service d\u00e9butera le 26 f\u00e9vrier 2026<\/strong><\/h3>\n<h3><strong>\u00a0 \u00a0 \u00a0 \u00a0 \u00a0 \u00a0 \u00a0 \u00a0 \u00a0 \u00a0 \u00a0 \u00a0 et <\/strong><\/h3>\n<h3><strong>se terminera le 28 avril 2026.<\/strong><\/h3>\n<section class=\"kc-elm kc-css-63569 kc_row\">\n<div class=\"kc-row-container kc-container\">\n<div class=\"kc-wrap-columns\">\n<div class=\"kc-elm kc-css-244236 kc_col-sm-12 kc_column kc_col-sm-12\">\n<div class=\"kc-col-container\">\n<div class=\"kc-elm kc-css-1873181 kc_text_block\">\n<h2><span style=\"color: #ff0000;\"><strong>Le service est disponible toute l&#8217;ann\u00e9e sur rendez-vous<\/strong><\/span><\/h2>\n<\/div>\n<\/div>\n<\/div>\n<\/div>\n<\/div>\n<\/section>\n","protected":false},"excerpt":{"rendered":"<p>Les b\u00e9n\u00e9voles sp\u00e9cialis\u00e9s en imp\u00f4t du Comit\u00e9 VAS-Y peuvent compl\u00e9ter vos rapports d&#8217;imp\u00f4t gratuitement.<\/p>\n","protected":false},"author":2,"featured_media":577,"parent":0,"menu_order":0,"comment_status":"closed","ping_status":"closed","template":"","meta":{"spay_email":""},"jetpack_sharing_enabled":true,"jetpack_shortlink":"https:\/\/wp.me\/P8etWi-w","_links":{"self":[{"href":"https:\/\/comitevas-y.org\/index.php?rest_route=\/wp\/v2\/pages\/32"}],"collection":[{"href":"https:\/\/comitevas-y.org\/index.php?rest_route=\/wp\/v2\/pages"}],"about":[{"href":"https:\/\/comitevas-y.org\/index.php?rest_route=\/wp\/v2\/types\/page"}],"author":[{"embeddable":true,"href":"https:\/\/comitevas-y.org\/index.php?rest_route=\/wp\/v2\/users\/2"}],"replies":[{"embeddable":true,"href":"https:\/\/comitevas-y.org\/index.php?rest_route=%2Fwp%2Fv2%2Fcomments&post=32"}],"version-history":[{"count":37,"href":"https:\/\/comitevas-y.org\/index.php?rest_route=\/wp\/v2\/pages\/32\/revisions"}],"predecessor-version":[{"id":1309,"href":"https:\/\/comitevas-y.org\/index.php?rest_route=\/wp\/v2\/pages\/32\/revisions\/1309"}],"wp:featuredmedia":[{"embeddable":true,"href":"https:\/\/comitevas-y.org\/index.php?rest_route=\/wp\/v2\/media\/577"}],"wp:attachment":[{"href":"https:\/\/comitevas-y.org\/index.php?rest_route=%2Fwp%2Fv2%2Fmedia&parent=32"}],"curies":[{"name":"wp","href":"https:\/\/api.w.org\/{rel}","templated":true}]}}